{"id":1743,"date":"2025-10-29T14:26:01","date_gmt":"2025-10-29T19:26:01","guid":{"rendered":"https:\/\/bogota.siggraph.org\/?page_id=1743"},"modified":"2025-10-29T18:58:16","modified_gmt":"2025-10-29T23:58:16","slug":"estefania-pineres-2025","status":"publish","type":"page","link":"https:\/\/bogota.siggraph.org\/es\/conferencistas-2025\/estefania-pineres-2025\/","title":{"rendered":"Estefan\u00eda Pi\u00f1eres 2025"},"content":{"rendered":"\t\t<div data-elementor-type=\"wp-page\" data-elementor-id=\"1743\" class=\"elementor elementor-1743\">\n\t\t\t\t<div class=\"elementor-element elementor-element-065bff3 e-flex e-con-boxed e-con e-parent\" data-id=\"065bff3\" data-element_type=\"container\" data-e-type=\"container\" data-settings=\"{&quot;background_background&quot;:&quot;gradient&quot;,&quot;shape_divider_bottom&quot;:&quot;wave-brush&quot;}\">\n\t\t\t\t\t<div class=\"e-con-inner\">\n\t\t\t\t<div class=\"elementor-shape elementor-shape-bottom\" aria-hidden=\"true\" data-negative=\"false\">\n\t\t\t<svg xmlns=\"http:\/\/www.w3.org\/2000\/svg\" viewBox=\"0 0 283.5 27.8\" preserveAspectRatio=\"none\">\n\t<path class=\"elementor-shape-fill\" d=\"M283.5,9.7c0,0-7.3,4.3-14,4.6c-6.8,0.3-12.6,0-20.9-1.5c-11.3-2-33.1-10.1-44.7-5.7\ts-12.1,4.6-18,7.4c-6.6,3.2-20,9.6-36.6,9.3C131.6,23.5,99.5,7.2,86.3,8c-1.4,0.1-6.6,0.8-10.5,2c-3.8,1.2-9.4,3.8-17,4.7\tc-3.2,0.4-8.3,1.1-14.2,0.9c-1.5-0.1-6.3-0.4-12-1.6c-5.7-1.2-11-3.1-15.8-3.7C6.5,9.2,0,10.8,0,10.8V0h283.5V9.7z M260.8,11.3\tc-0.7-1-2-0.4-4.3-0.4c-2.3,0-6.1-1.2-5.8-1.1c0.3,0.1,3.1,1.5,6,1.9C259.7,12.2,261.4,12.3,260.8,11.3z M242.4,8.6\tc0,0-2.4-0.2-5.6-0.9c-3.2-0.8-10.3-2.8-15.1-3.5c-8.2-1.1-15.8,0-15.1,0.1c0.8,0.1,9.6-0.6,17.6,1.1c3.3,0.7,9.3,2.2,12.4,2.7\tC239.9,8.7,242.4,8.6,242.4,8.6z M185.2,8.5c1.7-0.7-13.3,4.7-18.5,6.1c-2.1,0.6-6.2,1.6-10,2c-3.9,0.4-8.9,0.4-8.8,0.5\tc0,0.2,5.8,0.8,11.2,0c5.4-0.8,5.2-1.1,7.6-1.6C170.5,14.7,183.5,9.2,185.2,8.5z M199.1,6.9c0.2,0-0.8-0.4-4.8,1.1\tc-4,1.5-6.7,3.5-6.9,3.7c-0.2,0.1,3.5-1.8,6.6-3C197,7.5,199,6.9,199.1,6.9z M283,6c-0.1,0.1-1.9,1.1-4.8,2.5s-6.9,2.8-6.7,2.7\tc0.2,0,3.5-0.6,7.4-2.5C282.8,6.8,283.1,5.9,283,6z M31.3,11.6c0.1-0.2-1.9-0.2-4.5-1.2s-5.4-1.6-7.8-2C15,7.6,7.3,8.5,7.7,8.6\tC8,8.7,15.9,8.3,20.2,9.3c2.2,0.5,2.4,0.5,5.7,1.6S31.2,11.9,31.3,11.6z M73,9.2c0.4-0.1,3.5-1.6,8.4-2.6c4.9-1.1,8.9-0.5,8.9-0.8\tc0-0.3-1-0.9-6.2-0.3S72.6,9.3,73,9.2z M71.6,6.7C71.8,6.8,75,5.4,77.3,5c2.3-0.3,1.9-0.5,1.9-0.6c0-0.1-1.1-0.2-2.7,0.2\tC74.8,5.1,71.4,6.6,71.6,6.7z M93.6,4.4c0.1,0.2,3.5,0.8,5.6,1.8c2.1,1,1.8,0.6,1.9,0.5c0.1-0.1-0.8-0.8-2.4-1.3\tC97.1,4.8,93.5,4.2,93.6,4.4z M65.4,11.1c-0.1,0.3,0.3,0.5,1.9-0.2s2.6-1.3,2.2-1.2s-0.9,0.4-2.5,0.8C65.3,10.9,65.5,10.8,65.4,11.1\tz M34.5,12.4c-0.2,0,2.1,0.8,3.3,0.9c1.2,0.1,2,0.1,2-0.2c0-0.3-0.1-0.5-1.6-0.4C36.6,12.8,34.7,12.4,34.5,12.4z M152.2,21.1\tc-0.1,0.1-2.4-0.3-7.5-0.3c-5,0-13.6-2.4-17.2-3.5c-3.6-1.1,10,3.9,16.5,4.1C150.5,21.6,152.3,21,152.2,21.1z\"\/>\n\t<path class=\"elementor-shape-fill\" d=\"M269.6,18c-0.1-0.1-4.6,0.3-7.2,0c-7.3-0.7-17-3.2-16.6-2.9c0.4,0.3,13.7,3.1,17,3.3\tC267.7,18.8,269.7,18,269.6,18z\"\/>\n\t<path class=\"elementor-shape-fill\" d=\"M227.4,9.8c-0.2-0.1-4.5-1-9.5-1.2c-5-0.2-12.7,0.6-12.3,0.5c0.3-0.1,5.9-1.8,13.3-1.2\tS227.6,9.9,227.4,9.8z\"\/>\n\t<path class=\"elementor-shape-fill\" d=\"M204.5,13.4c-0.1-0.1,2-1,3.2-1.1c1.2-0.1,2,0,2,0.3c0,0.3-0.1,0.5-1.6,0.4\tC206.4,12.9,204.6,13.5,204.5,13.4z\"\/>\n\t<path class=\"elementor-shape-fill\" d=\"M201,10.6c0-0.1-4.4,1.2-6.3,2.2c-1.9,0.9-6.2,3.1-6.1,3.1c0.1,0.1,4.2-1.6,6.3-2.6\tS201,10.7,201,10.6z\"\/>\n\t<path class=\"elementor-shape-fill\" d=\"M154.5,26.7c-0.1-0.1-4.6,0.3-7.2,0c-7.3-0.7-17-3.2-16.6-2.9c0.4,0.3,13.7,3.1,17,3.3\tC152.6,27.5,154.6,26.8,154.5,26.7z\"\/>\n\t<path class=\"elementor-shape-fill\" d=\"M41.9,19.3c0,0,1.2-0.3,2.9-0.1c1.7,0.2,5.8,0.9,8.2,0.7c4.2-0.4,7.4-2.7,7-2.6\tc-0.4,0-4.3,2.2-8.6,1.9c-1.8-0.1-5.1-0.5-6.7-0.4S41.9,19.3,41.9,19.3z\"\/>\n\t<path class=\"elementor-shape-fill\" d=\"M75.5,12.6c0.2,0.1,2-0.8,4.3-1.1c2.3-0.2,2.1-0.3,2.1-0.5c0-0.1-1.8-0.4-3.4,0\tC76.9,11.5,75.3,12.5,75.5,12.6z\"\/>\n\t<path class=\"elementor-shape-fill\" d=\"M15.6,13.2c0-0.1,4.3,0,6.7,0.5c2.4,0.5,5,1.9,5,2c0,0.1-2.7-0.8-5.1-1.4\tC19.9,13.7,15.7,13.3,15.6,13.2z\"\/>\n<\/svg>\t\t<\/div>\n\t\t\t\t<div class=\"elementor-element elementor-element-4a38ee8 elementor-widget elementor-widget-heading\" data-id=\"4a38ee8\" data-element_type=\"widget\" data-e-type=\"widget\" data-widget_type=\"heading.default\">\n\t\t\t\t<div class=\"elementor-widget-container\">\n\t\t\t\t\t<h2 class=\"elementor-heading-title elementor-size-default\">Invitado<\/h2>\t\t\t\t<\/div>\n\t\t\t\t<\/div>\n\t\t\t\t<div class=\"elementor-element elementor-element-a6e7ba4 elementor-widget elementor-widget-text-editor\" data-id=\"a6e7ba4\" data-element_type=\"widget\" data-e-type=\"widget\" data-widget_type=\"text-editor.default\">\n\t\t\t\t<div class=\"elementor-widget-container\">\n\t\t\t\t\t\t\t\t\t<p class=\"max-w-[700px] text-siggraph-lightgrey md:text-xl\">Conoce a los profesionales que se encargan de fortalecer la industria de la animaci\u00f3n, los efectos visuales y la computaci\u00f3n gr\u00e1fica.<\/p>\t\t\t\t\t\t\t\t<\/div>\n\t\t\t\t<\/div>\n\t\t\t\t\t<\/div>\n\t\t\t\t<\/div>\n\t\t<div class=\"elementor-element elementor-element-0d3713a e-flex e-con-boxed e-con e-parent\" data-id=\"0d3713a\" data-element_type=\"container\" data-e-type=\"container\" data-settings=\"{&quot;background_background&quot;:&quot;classic&quot;}\">\n\t\t\t\t\t<div class=\"e-con-inner\">\n\t\t<div class=\"elementor-element elementor-element-ae8bf6b e-con-full e-flex e-con e-child\" data-id=\"ae8bf6b\" data-element_type=\"container\" data-e-type=\"container\">\n\t\t<div class=\"elementor-element elementor-element-85bb457 e-con-full e-flex e-con e-child\" data-id=\"85bb457\" data-element_type=\"container\" data-e-type=\"container\" data-settings=\"{&quot;background_background&quot;:&quot;classic&quot;}\">\n\t\t\t\t<div class=\"elementor-element elementor-element-70f9056 elementor-widget elementor-widget-image\" data-id=\"70f9056\" data-element_type=\"widget\" data-e-type=\"widget\" data-widget_type=\"image.default\">\n\t\t\t\t<div class=\"elementor-widget-container\">\n\t\t\t\t\t\t\t\t\t\t\t\t\t\t\t<img fetchpriority=\"high\" decoding=\"async\" width=\"300\" height=\"300\" src=\"https:\/\/bogota.siggraph.org\/wp-content\/uploads\/2025\/10\/Web_MUKIRA_Estefania-Pineres.png\" class=\"attachment-full size-full wp-image-1435\" alt=\"\" srcset=\"https:\/\/bogota.siggraph.org\/wp-content\/uploads\/2025\/10\/Web_MUKIRA_Estefania-Pineres.png 300w, https:\/\/bogota.siggraph.org\/wp-content\/uploads\/2025\/10\/Web_MUKIRA_Estefania-Pineres-150x150.png 150w, https:\/\/bogota.siggraph.org\/wp-content\/uploads\/2025\/10\/Web_MUKIRA_Estefania-Pineres-12x12.png 12w\" sizes=\"(max-width: 300px) 100vw, 300px\" \/>\t\t\t\t\t\t\t\t\t\t\t\t\t\t\t<\/div>\n\t\t\t\t<\/div>\n\t\t\t\t<\/div>\n\t\t<div class=\"elementor-element elementor-element-2ecc12e e-con-full e-flex e-con e-child\" data-id=\"2ecc12e\" data-element_type=\"container\" data-e-type=\"container\">\n\t\t\t\t<div class=\"elementor-element elementor-element-68ad0ee elementor-widget__width-inherit elementor-widget elementor-widget-heading\" data-id=\"68ad0ee\" data-element_type=\"widget\" data-e-type=\"widget\" data-widget_type=\"heading.default\">\n\t\t\t\t<div class=\"elementor-widget-container\">\n\t\t\t\t\t<h2 class=\"elementor-heading-title elementor-size-default\">Estefan\u00eda Pi\u00f1eres<\/h2>\t\t\t\t<\/div>\n\t\t\t\t<\/div>\n\t\t\t\t<div class=\"elementor-element elementor-element-ae6e07a elementor-widget__width-inherit elementor-widget elementor-widget-heading\" data-id=\"ae6e07a\" data-element_type=\"widget\" data-e-type=\"widget\" data-widget_type=\"heading.default\">\n\t\t\t\t<div class=\"elementor-widget-container\">\n\t\t\t\t\t<h5 class=\"elementor-heading-title elementor-size-default\">Directora y guionista<\/h5>\t\t\t\t<\/div>\n\t\t\t\t<\/div>\n\t\t\t\t<div class=\"elementor-element elementor-element-45681e0 elementor-widget__width-inherit elementor-widget elementor-widget-heading\" data-id=\"45681e0\" data-element_type=\"widget\" data-e-type=\"widget\" data-widget_type=\"heading.default\">\n\t\t\t\t<div class=\"elementor-widget-container\">\n\t\t\t\t\t<h5 class=\"elementor-heading-title elementor-size-default\">MU-KI-RA \u00bfC\u00f3mo co-producir una pel\u00edcula bella en Latinoam\u00e9rica?<\/h5>\t\t\t\t<\/div>\n\t\t\t\t<\/div>\n\t\t\t\t<div class=\"elementor-element elementor-element-b1f2548 elementor-widget__width-inherit elementor-widget elementor-widget-text-editor\" data-id=\"b1f2548\" data-element_type=\"widget\" data-e-type=\"widget\" data-widget_type=\"text-editor.default\">\n\t\t\t\t<div class=\"elementor-widget-container\">\n\t\t\t\t\t\t\t\t\tActriz y guionista. Conocida por su rol en las series para televisi\u00f3n \u201cDelirio\u201d (2025), \u201cLas Villamizar\u201d (2022), \u201cDistrito Salvaje\u201d (2019) y \u201cMam\u00e1 tambi\u00e9n\u201d (2013); en los largometrajes \u201cMalta\u201d (2023) dirigido por Natalia Santa, \u201cFortuna Lake\u201d (2019) dirigido por Felipe Mart\u00ednez, \u201cAfuera del tiempo\u201d (2017) y \u201cRuido\u201d (2018), dirigidos por Marco V\u00e9lez Esquivia y \u201cEl aula vac\u00eda\u201d (2015), producido por el Banco Interamericano de Desarrollo bajo la direcci\u00f3n general de Gael Garc\u00eda Bernal en el cortometraje \u201cLas buenas intenciones\u201d dirigido por el galardonado director colombiano Carlos Gaviria.\t\t\t\t\t\t\t\t<\/div>\n\t\t\t\t<\/div>\n\t\t\t\t<div class=\"elementor-element elementor-element-89d9090 elementor-widget__width-inherit elementor-widget elementor-widget-text-editor\" data-id=\"89d9090\" data-element_type=\"widget\" data-e-type=\"widget\" data-widget_type=\"text-editor.default\">\n\t\t\t\t<div class=\"elementor-widget-container\">\n\t\t\t\t\t\t\t\t\tJefe de Academia en FICCI 59. Ganadora de New Media a Desarrollo 2017 por \u201cMisteriosa\u201d (co-guionista); del FDC a Realizaci\u00f3n de Cortometraje Animado 2020 por \u201cColor-ido\u201d, Seleccionado en Pixelatl, AniMaze y en el Programa Educativo del Festival Internacional de Cine de Rotterdam (IFFR); el FDC a Escritura de Gui\u00f3n para Largometraje 2020 y a Producci\u00f3n de Largometraje de Ficci\u00f3n 2024 por \u201cLos malditos\u201d; y la Beca de MinCultura a Desarrollo de Gui\u00f3n Infantil 2018, MIAnima 22-23, el FDC a Producci\u00f3n de Largometraje Animado 2022, Ibermedia, ICAA, entre otros por \u201cMu-ki-ra\u201d, proyecto Ganador de los Premios de MIFA\/Annecy, La Liga Iberoamericana de la Animaci\u00f3n en Animation! de Ventana Sur 2022 y parte del March\u00e9 du Film del Festival de Cannes en el Animation Day del 2024. Su \u00f3pera prima, \u201cLos malditos\u201d, fue parte del Torino Film Lab \u2013 Next Feature Film en el 2023 y est\u00e1 actualmente en desarrollo.\t\t\t\t\t\t\t\t<\/div>\n\t\t\t\t<\/div>\n\t\t\t\t<\/div>\n\t\t\t\t<\/div>\n\t\t\t\t\t<\/div>\n\t\t\t\t<\/div>\n\t\t\t\t<\/div>\n\t\t","protected":false},"excerpt":{"rendered":"<p>Invitado Conoce a los profesionales que se encargan de fortalecer la industria de la animaci\u00f3n, los efectos visuales y la computaci\u00f3n gr\u00e1fica. Estefan\u00eda Pi\u00f1eres Directora y guionista MU-KI-RA \u00bfC\u00f3mo co-producir una pel\u00edcula bella en Latinoam\u00e9rica? Actriz y guionista. Conocida por su rol en las series para televisi\u00f3n \u201cDelirio\u201d (2025), \u201cLas Villamizar\u201d (2022), \u201cDistrito Salvaje\u201d (2019) [&hellip;]<\/p>\n","protected":false},"author":1,"featured_media":0,"parent":1101,"menu_order":0,"comment_status":"closed","ping_status":"closed","template":"","meta":{"footnotes":""},"class_list":["post-1743","page","type-page","status-publish","hentry"],"_links":{"self":[{"href":"https:\/\/bogota.siggraph.org\/es\/wp-json\/wp\/v2\/pages\/1743","targetHints":{"allow":["GET"]}}],"collection":[{"href":"https:\/\/bogota.siggraph.org\/es\/wp-json\/wp\/v2\/pages"}],"about":[{"href":"https:\/\/bogota.siggraph.org\/es\/wp-json\/wp\/v2\/types\/page"}],"author":[{"embeddable":true,"href":"https:\/\/bogota.siggraph.org\/es\/wp-json\/wp\/v2\/users\/1"}],"replies":[{"embeddable":true,"href":"https:\/\/bogota.siggraph.org\/es\/wp-json\/wp\/v2\/comments?post=1743"}],"version-history":[{"count":10,"href":"https:\/\/bogota.siggraph.org\/es\/wp-json\/wp\/v2\/pages\/1743\/revisions"}],"predecessor-version":[{"id":1851,"href":"https:\/\/bogota.siggraph.org\/es\/wp-json\/wp\/v2\/pages\/1743\/revisions\/1851"}],"up":[{"embeddable":true,"href":"https:\/\/bogota.siggraph.org\/es\/wp-json\/wp\/v2\/pages\/1101"}],"wp:attachment":[{"href":"https:\/\/bogota.siggraph.org\/es\/wp-json\/wp\/v2\/media?parent=1743"}],"curies":[{"name":"wp","href":"https:\/\/api.w.org\/{rel}","templated":true}]}}